{"id":901,"date":"2021-03-16T21:12:35","date_gmt":"2021-03-16T20:12:35","guid":{"rendered":"https:\/\/www.naturellementsportif.com\/?post_type=product&#038;p=901"},"modified":"2021-03-16T21:27:19","modified_gmt":"2021-03-16T20:27:19","slug":"ensemble-velo-homme","status":"publish","type":"product","link":"https:\/\/www.naturellementsportif.com\/index.php\/produit\/ensemble-velo-homme\/","title":{"rendered":"ENSEMBLE VELO HOMME (pr\u00e9commande)"},"content":{"rendered":"<p>Guide des tailles<\/p>\n<table>\n<tbody>\n<tr>\n<td width=\"111\"><\/td>\n<td width=\"66\">XXS<\/td>\n<td width=\"66\">XS<\/td>\n<td width=\"76\">S<\/td>\n<td width=\"66\">M<\/td>\n<td width=\"66\">L<\/td>\n<td width=\"66\">XL<\/td>\n<td width=\"76\">XXL<\/td>\n<\/tr>\n<tr>\n<td width=\"111\">HAUTEUR DU CORPS EN (cm)<\/td>\n<td width=\"66\">152-156<\/td>\n<td width=\"66\">156-160<\/td>\n<td width=\"76\">160-164<\/td>\n<td width=\"66\">164-168<\/td>\n<td width=\"66\">168-172<\/td>\n<td width=\"66\">172-176<\/td>\n<td width=\"76\">176-180<\/td>\n<\/tr>\n<tr>\n<td width=\"111\">TOUR DE POITRINE (cm)<\/td>\n<td width=\"66\">82-85<\/td>\n<td width=\"66\">85-88<\/td>\n<td width=\"76\">88-92<\/td>\n<td width=\"66\">92-96<\/td>\n<td width=\"66\">96-100<\/td>\n<td width=\"66\">100-106<\/td>\n<td width=\"76\">106-114<\/td>\n<\/tr>\n<tr>\n<td width=\"111\">TOUR DE TAILLE (cm)<\/td>\n<td width=\"66\">66-69<\/td>\n<td width=\"66\">69-72<\/td>\n<td width=\"76\">72-76<\/td>\n<td width=\"66\">76-80<\/td>\n<td width=\"66\">80-84<\/td>\n<td width=\"66\">84-90<\/td>\n<td width=\"76\">90-98<\/td>\n<\/tr>\n<\/tbody>\n<\/table>\n<p><img data-recalc-dims=\"1\" decoding=\"async\" class=\"alignleft\" src=\"https:\/\/i0.wp.com\/www.eleven.cz\/img\/eleven\/materialy\/latky-2015\/soft.jpg?resize=173%2C173&#038;ssl=1\" alt=\"Frais\" width=\"173\" height=\"173\" \/>Composition: 91% PES Micro, 9% \u00e9lasthanne<br \/>\nPoids: 145 g \/ m\u00a0<sup>2<\/sup><\/p>\n","protected":false},"excerpt":{"rendered":"<p>Le maillot cycliste NS pour homme se distingue par sa coupe sp\u00e9ciale, d\u00e9velopp\u00e9e pour une conduite confortable. Gr\u00e2ce \u00e0 la partie avant raccourcie, il n&rsquo;y a pas de pli ind\u00e9sirable dans l&rsquo;abdomen, ce qui, associ\u00e9 \u00e0 des mat\u00e9riaux hautement fonctionnels, permet une concentration maximale sur la course.\u00a0Il y a aussi des \u00e9l\u00e9ments r\u00e9fl\u00e9chissants et des poches arri\u00e8re pratiques.<\/p>\n","protected":false},"featured_media":902,"comment_status":"closed","ping_status":"closed","template":"","meta":{"site-sidebar-layout":"default","site-content-layout":"default","ast-site-content-layout":"","site-content-style":"default","site-sidebar-style":"default","ast-global-header-display":"","ast-banner-title-visibility":"","ast-main-header-display":"","ast-hfb-above-header-display":"","ast-hfb-below-header-display":"","ast-hfb-mobile-header-display":"","site-post-title":"","ast-breadcrumbs-content":"","ast-featured-img":"","footer-sml-layout":"","theme-transparent-header-meta":"default","adv-header-id-meta":"","stick-header-meta":"","header-above-stick-meta":"","header-main-stick-meta":"","header-below-stick-meta":"","astra-migrate-meta-layouts":"default","ast-page-background-enabled":"default","ast-page-background-meta":{"desktop":{"background-color":"","background-image":"","background-repeat":"repeat","background-position":"center center","background-size":"auto","background-attachment":"scroll","background-type":"","background-media":"","overlay-type":"","overlay-color":"","overlay-gradient":""},"tablet":{"background-color":"","background-image":"","background-repeat":"repeat","background-position":"center center","background-size":"auto","background-attachment":"scroll","background-type":"","background-media":"","overlay-type":"","overlay-color":"","overlay-gradient":""},"mobile":{"background-color":"","background-image":"","background-repeat":"repeat","background-position":"center center","background-size":"auto","background-attachment":"scroll","background-type":"","background-media":"","overlay-type":"","overlay-color":"","overlay-gradient":""}},"ast-content-background-meta":{"desktop":{"background-color":"var(--ast-global-color-5)","background-image":"","background-repeat":"repeat","background-position":"center center","background-size":"auto","background-attachment":"scroll","background-type":"","background-media":"","overlay-type":"","overlay-color":"","overlay-gradient":""},"tablet":{"background-color":"var(--ast-global-color-5)","background-image":"","background-repeat":"repeat","background-position":"center center","background-size":"auto","background-attachment":"scroll","background-type":"","background-media":"","overlay-type":"","overlay-color":"","overlay-gradient":""},"mobile":{"background-color":"var(--ast-global-color-5)","background-image":"","background-repeat":"repeat","background-position":"center center","background-size":"auto","background-attachment":"scroll","background-type":"","background-media":"","overlay-type":"","overlay-color":"","overlay-gradient":""}}},"product_brand":[],"product_cat":[21],"product_tag":[],"class_list":{"0":"post-901","1":"product","2":"type-product","3":"status-publish","4":"has-post-thumbnail","6":"product_cat-ensemble-velo","7":"desktop-align-left","8":"tablet-align-left","9":"mobile-align-left","11":"first","12":"onbackorder","13":"shipping-taxable","14":"purchasable","15":"product-type-variable"},"yoast_head":"<!-- This site is optimized with the Yoast SEO plugin v27.5 - https:\/\/yoast.com\/product\/yoast-seo-wordpress\/ -->\n<title>ENSEMBLE VELO HOMME (pr\u00e9commande) -<\/title>\n<meta name=\"robots\" content=\"index, follow, max-snippet:-1, max-image-preview:large, max-video-preview:-1\" \/>\n<link rel=\"canonical\" href=\"https:\/\/www.naturellementsportif.com\/index.php\/produit\/ensemble-velo-homme\/\" \/>\n<meta property=\"og:locale\" content=\"fr_FR\" \/>\n<meta property=\"og:type\" content=\"article\" \/>\n<meta property=\"og:title\" content=\"ENSEMBLE VELO HOMME (pr\u00e9commande) -\" \/>\n<meta property=\"og:description\" content=\"Le maillot cycliste NS pour homme se distingue par sa coupe sp\u00e9ciale, d\u00e9velopp\u00e9e pour une conduite confortable. Gr\u00e2ce \u00e0 la partie avant raccourcie, il n&#039;y a pas de pli ind\u00e9sirable dans l&#039;abdomen, ce qui, associ\u00e9 \u00e0 des mat\u00e9riaux hautement fonctionnels, permet une concentration maximale sur la course.\u00a0Il y a aussi des \u00e9l\u00e9ments r\u00e9fl\u00e9chissants et des poches arri\u00e8re pratiques.\" \/>\n<meta property=\"og:url\" content=\"https:\/\/www.naturellementsportif.com\/index.php\/produit\/ensemble-velo-homme\/\" \/>\n<meta property=\"article:modified_time\" content=\"2021-03-16T20:27:19+00:00\" \/>\n<meta property=\"og:image\" content=\"https:\/\/i0.wp.com\/www.naturellementsportif.com\/wp-content\/uploads\/2021\/03\/ensemble-homme.png?fit=940%2C788&ssl=1\" \/>\n\t<meta property=\"og:image:width\" content=\"940\" \/>\n\t<meta property=\"og:image:height\" content=\"788\" \/>\n\t<meta property=\"og:image:type\" content=\"image\/png\" \/>\n<meta name=\"twitter:card\" content=\"summary_large_image\" \/>\n<script type=\"application\/ld+json\" class=\"yoast-schema-graph\">{\"@context\":\"https:\\\/\\\/schema.org\",\"@graph\":[{\"@type\":\"WebPage\",\"@id\":\"https:\\\/\\\/www.naturellementsportif.com\\\/index.php\\\/produit\\\/ensemble-velo-homme\\\/\",\"url\":\"https:\\\/\\\/www.naturellementsportif.com\\\/index.php\\\/produit\\\/ensemble-velo-homme\\\/\",\"name\":\"ENSEMBLE VELO HOMME (pr\u00e9commande) -\",\"isPartOf\":{\"@id\":\"https:\\\/\\\/www.naturellementsportif.com\\\/#website\"},\"primaryImageOfPage\":{\"@id\":\"https:\\\/\\\/www.naturellementsportif.com\\\/index.php\\\/produit\\\/ensemble-velo-homme\\\/#primaryimage\"},\"image\":{\"@id\":\"https:\\\/\\\/www.naturellementsportif.com\\\/index.php\\\/produit\\\/ensemble-velo-homme\\\/#primaryimage\"},\"thumbnailUrl\":\"https:\\\/\\\/i0.wp.com\\\/www.naturellementsportif.com\\\/wp-content\\\/uploads\\\/2021\\\/03\\\/ensemble-homme.png?fit=940%2C788&ssl=1\",\"datePublished\":\"2021-03-16T20:12:35+00:00\",\"dateModified\":\"2021-03-16T20:27:19+00:00\",\"breadcrumb\":{\"@id\":\"https:\\\/\\\/www.naturellementsportif.com\\\/index.php\\\/produit\\\/ensemble-velo-homme\\\/#breadcrumb\"},\"inLanguage\":\"fr-FR\",\"potentialAction\":[{\"@type\":\"ReadAction\",\"target\":[\"https:\\\/\\\/www.naturellementsportif.com\\\/index.php\\\/produit\\\/ensemble-velo-homme\\\/\"]}]},{\"@type\":\"ImageObject\",\"inLanguage\":\"fr-FR\",\"@id\":\"https:\\\/\\\/www.naturellementsportif.com\\\/index.php\\\/produit\\\/ensemble-velo-homme\\\/#primaryimage\",\"url\":\"https:\\\/\\\/i0.wp.com\\\/www.naturellementsportif.com\\\/wp-content\\\/uploads\\\/2021\\\/03\\\/ensemble-homme.png?fit=940%2C788&ssl=1\",\"contentUrl\":\"https:\\\/\\\/i0.wp.com\\\/www.naturellementsportif.com\\\/wp-content\\\/uploads\\\/2021\\\/03\\\/ensemble-homme.png?fit=940%2C788&ssl=1\",\"width\":940,\"height\":788},{\"@type\":\"BreadcrumbList\",\"@id\":\"https:\\\/\\\/www.naturellementsportif.com\\\/index.php\\\/produit\\\/ensemble-velo-homme\\\/#breadcrumb\",\"itemListElement\":[{\"@type\":\"ListItem\",\"position\":1,\"name\":\"Home\",\"item\":\"https:\\\/\\\/www.naturellementsportif.com\\\/\"},{\"@type\":\"ListItem\",\"position\":2,\"name\":\"Boutique\",\"item\":\"https:\\\/\\\/www.naturellementsportif.com\\\/index.php\\\/boutique\\\/\"},{\"@type\":\"ListItem\",\"position\":3,\"name\":\"ENSEMBLE VELO HOMME (pr\u00e9commande)\"}]},{\"@type\":\"WebSite\",\"@id\":\"https:\\\/\\\/www.naturellementsportif.com\\\/#website\",\"url\":\"https:\\\/\\\/www.naturellementsportif.com\\\/\",\"name\":\"Naturellement Sportif\",\"description\":\"\",\"publisher\":{\"@id\":\"https:\\\/\\\/www.naturellementsportif.com\\\/#organization\"},\"potentialAction\":[{\"@type\":\"SearchAction\",\"target\":{\"@type\":\"EntryPoint\",\"urlTemplate\":\"https:\\\/\\\/www.naturellementsportif.com\\\/?s={search_term_string}\"},\"query-input\":{\"@type\":\"PropertyValueSpecification\",\"valueRequired\":true,\"valueName\":\"search_term_string\"}}],\"inLanguage\":\"fr-FR\"},{\"@type\":\"Organization\",\"@id\":\"https:\\\/\\\/www.naturellementsportif.com\\\/#organization\",\"name\":\"Naturellement Sportif\",\"url\":\"https:\\\/\\\/www.naturellementsportif.com\\\/\",\"logo\":{\"@type\":\"ImageObject\",\"inLanguage\":\"fr-FR\",\"@id\":\"https:\\\/\\\/www.naturellementsportif.com\\\/#\\\/schema\\\/logo\\\/image\\\/\",\"url\":\"https:\\\/\\\/www.naturellementsportif.com\\\/wp-content\\\/uploads\\\/2020\\\/06\\\/NATURELLEMENT-SPORTIF-FINAL-03.jpg\",\"contentUrl\":\"https:\\\/\\\/www.naturellementsportif.com\\\/wp-content\\\/uploads\\\/2020\\\/06\\\/NATURELLEMENT-SPORTIF-FINAL-03.jpg\",\"width\":2363,\"height\":1182,\"caption\":\"Naturellement Sportif\"},\"image\":{\"@id\":\"https:\\\/\\\/www.naturellementsportif.com\\\/#\\\/schema\\\/logo\\\/image\\\/\"}}]}<\/script>\n<!-- \/ Yoast SEO plugin. -->","yoast_head_json":{"title":"ENSEMBLE VELO HOMME (pr\u00e9commande) -","robots":{"index":"index","follow":"follow","max-snippet":"max-snippet:-1","max-image-preview":"max-image-preview:large","max-video-preview":"max-video-preview:-1"},"canonical":"https:\/\/www.naturellementsportif.com\/index.php\/produit\/ensemble-velo-homme\/","og_locale":"fr_FR","og_type":"article","og_title":"ENSEMBLE VELO HOMME (pr\u00e9commande) -","og_description":"Le maillot cycliste NS pour homme se distingue par sa coupe sp\u00e9ciale, d\u00e9velopp\u00e9e pour une conduite confortable. Gr\u00e2ce \u00e0 la partie avant raccourcie, il n'y a pas de pli ind\u00e9sirable dans l'abdomen, ce qui, associ\u00e9 \u00e0 des mat\u00e9riaux hautement fonctionnels, permet une concentration maximale sur la course.\u00a0Il y a aussi des \u00e9l\u00e9ments r\u00e9fl\u00e9chissants et des poches arri\u00e8re pratiques.","og_url":"https:\/\/www.naturellementsportif.com\/index.php\/produit\/ensemble-velo-homme\/","article_modified_time":"2021-03-16T20:27:19+00:00","og_image":[{"width":940,"height":788,"url":"https:\/\/i0.wp.com\/www.naturellementsportif.com\/wp-content\/uploads\/2021\/03\/ensemble-homme.png?fit=940%2C788&ssl=1","type":"image\/png"}],"twitter_card":"summary_large_image","schema":{"@context":"https:\/\/schema.org","@graph":[{"@type":"WebPage","@id":"https:\/\/www.naturellementsportif.com\/index.php\/produit\/ensemble-velo-homme\/","url":"https:\/\/www.naturellementsportif.com\/index.php\/produit\/ensemble-velo-homme\/","name":"ENSEMBLE VELO HOMME (pr\u00e9commande) -","isPartOf":{"@id":"https:\/\/www.naturellementsportif.com\/#website"},"primaryImageOfPage":{"@id":"https:\/\/www.naturellementsportif.com\/index.php\/produit\/ensemble-velo-homme\/#primaryimage"},"image":{"@id":"https:\/\/www.naturellementsportif.com\/index.php\/produit\/ensemble-velo-homme\/#primaryimage"},"thumbnailUrl":"https:\/\/i0.wp.com\/www.naturellementsportif.com\/wp-content\/uploads\/2021\/03\/ensemble-homme.png?fit=940%2C788&ssl=1","datePublished":"2021-03-16T20:12:35+00:00","dateModified":"2021-03-16T20:27:19+00:00","breadcrumb":{"@id":"https:\/\/www.naturellementsportif.com\/index.php\/produit\/ensemble-velo-homme\/#breadcrumb"},"inLanguage":"fr-FR","potentialAction":[{"@type":"ReadAction","target":["https:\/\/www.naturellementsportif.com\/index.php\/produit\/ensemble-velo-homme\/"]}]},{"@type":"ImageObject","inLanguage":"fr-FR","@id":"https:\/\/www.naturellementsportif.com\/index.php\/produit\/ensemble-velo-homme\/#primaryimage","url":"https:\/\/i0.wp.com\/www.naturellementsportif.com\/wp-content\/uploads\/2021\/03\/ensemble-homme.png?fit=940%2C788&ssl=1","contentUrl":"https:\/\/i0.wp.com\/www.naturellementsportif.com\/wp-content\/uploads\/2021\/03\/ensemble-homme.png?fit=940%2C788&ssl=1","width":940,"height":788},{"@type":"BreadcrumbList","@id":"https:\/\/www.naturellementsportif.com\/index.php\/produit\/ensemble-velo-homme\/#breadcrumb","itemListElement":[{"@type":"ListItem","position":1,"name":"Home","item":"https:\/\/www.naturellementsportif.com\/"},{"@type":"ListItem","position":2,"name":"Boutique","item":"https:\/\/www.naturellementsportif.com\/index.php\/boutique\/"},{"@type":"ListItem","position":3,"name":"ENSEMBLE VELO HOMME (pr\u00e9commande)"}]},{"@type":"WebSite","@id":"https:\/\/www.naturellementsportif.com\/#website","url":"https:\/\/www.naturellementsportif.com\/","name":"Naturellement Sportif","description":"","publisher":{"@id":"https:\/\/www.naturellementsportif.com\/#organization"},"potentialAction":[{"@type":"SearchAction","target":{"@type":"EntryPoint","urlTemplate":"https:\/\/www.naturellementsportif.com\/?s={search_term_string}"},"query-input":{"@type":"PropertyValueSpecification","valueRequired":true,"valueName":"search_term_string"}}],"inLanguage":"fr-FR"},{"@type":"Organization","@id":"https:\/\/www.naturellementsportif.com\/#organization","name":"Naturellement Sportif","url":"https:\/\/www.naturellementsportif.com\/","logo":{"@type":"ImageObject","inLanguage":"fr-FR","@id":"https:\/\/www.naturellementsportif.com\/#\/schema\/logo\/image\/","url":"https:\/\/www.naturellementsportif.com\/wp-content\/uploads\/2020\/06\/NATURELLEMENT-SPORTIF-FINAL-03.jpg","contentUrl":"https:\/\/www.naturellementsportif.com\/wp-content\/uploads\/2020\/06\/NATURELLEMENT-SPORTIF-FINAL-03.jpg","width":2363,"height":1182,"caption":"Naturellement Sportif"},"image":{"@id":"https:\/\/www.naturellementsportif.com\/#\/schema\/logo\/image\/"}}]}},"jetpack-related-posts":[{"id":1944,"url":"https:\/\/www.naturellementsportif.com\/index.php\/produit\/veste-velo-softshell-kaki\/","url_meta":{"origin":901,"position":0},"title":"VESTE VELO SOFTSHELL FABIEN  KAKI","author":"admin6231","date":"17 janvier 2023","format":false,"excerpt":"PR\u00c9COMMANDE UNIQUEMENT Notre Soft Shell de v\u00e9lo Hiver Naturellement Sportif est fit avec des poches dans le dos. Convient pour les sorties \u00e0 v\u00e9lo l'hiver. Sa mati\u00e8re est respirante et s\u00e8che rapidement. Elle est compos\u00e9e de 3 tissus diff\u00e9rents. \u00a0 \u00a0 Composition : 85% PES, 15% LYCRA\u00a0\u00ae Grammage : 250\u2026","rel":"","context":"Article similaire","block_context":{"text":"Article similaire","link":""},"img":{"alt_text":"","src":"https:\/\/i0.wp.com\/www.naturellementsportif.com\/wp-content\/uploads\/2023\/01\/Coupe-vent-velo-thermo.png?fit=1200%2C877&ssl=1&resize=350%2C200","width":350,"height":200,"srcset":"https:\/\/i0.wp.com\/www.naturellementsportif.com\/wp-content\/uploads\/2023\/01\/Coupe-vent-velo-thermo.png?fit=1200%2C877&ssl=1&resize=350%2C200 1x, https:\/\/i0.wp.com\/www.naturellementsportif.com\/wp-content\/uploads\/2023\/01\/Coupe-vent-velo-thermo.png?fit=1200%2C877&ssl=1&resize=525%2C300 1.5x, https:\/\/i0.wp.com\/www.naturellementsportif.com\/wp-content\/uploads\/2023\/01\/Coupe-vent-velo-thermo.png?fit=1200%2C877&ssl=1&resize=700%2C400 2x, https:\/\/i0.wp.com\/www.naturellementsportif.com\/wp-content\/uploads\/2023\/01\/Coupe-vent-velo-thermo.png?fit=1200%2C877&ssl=1&resize=1050%2C600 3x"},"classes":[]},{"id":791,"url":"https:\/\/www.naturellementsportif.com\/index.php\/produit\/short-homme-ns\/","url_meta":{"origin":901,"position":1},"title":"SHORT HOMME ALEX NS","author":"admin6231","date":"27 f\u00e9vrier 2021","format":false,"excerpt":"Notre short de sport Naturellement Sportif est ample avec des proches lat\u00e9rales. Convient \u00e0 toutes sortes de pratiques de sports d'int\u00e9rieur et d'ext\u00e9rieur ou \u00e0 un usage normal. Sa mati\u00e8re est respirante et s\u00e8che rapidement. Id\u00e9al pour la pratique du Crossfit et de la musculation. Guide des tailles : Composition:\u2026","rel":"","context":"Article similaire","block_context":{"text":"Article similaire","link":""},"img":{"alt_text":"SHORT DE SPORT HOMME ALEX NS","src":"https:\/\/i0.wp.com\/www.naturellementsportif.com\/wp-content\/uploads\/2021\/09\/H-ImageProdNS1.png?fit=1200%2C877&ssl=1&resize=350%2C200","width":350,"height":200,"srcset":"https:\/\/i0.wp.com\/www.naturellementsportif.com\/wp-content\/uploads\/2021\/09\/H-ImageProdNS1.png?fit=1200%2C877&ssl=1&resize=350%2C200 1x, https:\/\/i0.wp.com\/www.naturellementsportif.com\/wp-content\/uploads\/2021\/09\/H-ImageProdNS1.png?fit=1200%2C877&ssl=1&resize=525%2C300 1.5x, https:\/\/i0.wp.com\/www.naturellementsportif.com\/wp-content\/uploads\/2021\/09\/H-ImageProdNS1.png?fit=1200%2C877&ssl=1&resize=700%2C400 2x, https:\/\/i0.wp.com\/www.naturellementsportif.com\/wp-content\/uploads\/2021\/09\/H-ImageProdNS1.png?fit=1200%2C877&ssl=1&resize=1050%2C600 3x"},"classes":[]},{"id":1071,"url":"https:\/\/www.naturellementsportif.com\/index.php\/produit\/short-homme-alex-kaki\/","url_meta":{"origin":901,"position":2},"title":"SHORT HOMME ALEX KAKI","author":"admin6231","date":"27 mai 2021","format":false,"excerpt":"Notre short de sport Naturellement Sportif est ample avec des proches lat\u00e9rales. Convient \u00e0 toutes sortes de pratiques de sports d'int\u00e9rieur et d'ext\u00e9rieur ou \u00e0 un usage normal. Sa mati\u00e8re est respirante et s\u00e8che rapidement. Id\u00e9al pour la pratique du Crossfit et de la musculation. Guide des tailles : Composition:\u2026","rel":"","context":"Article similaire","block_context":{"text":"Article similaire","link":""},"img":{"alt_text":"SHORT DE SPORT HOMME","src":"https:\/\/i0.wp.com\/www.naturellementsportif.com\/wp-content\/uploads\/2021\/09\/H-ImageProdNS2.png?fit=1200%2C877&ssl=1&resize=350%2C200","width":350,"height":200,"srcset":"https:\/\/i0.wp.com\/www.naturellementsportif.com\/wp-content\/uploads\/2021\/09\/H-ImageProdNS2.png?fit=1200%2C877&ssl=1&resize=350%2C200 1x, https:\/\/i0.wp.com\/www.naturellementsportif.com\/wp-content\/uploads\/2021\/09\/H-ImageProdNS2.png?fit=1200%2C877&ssl=1&resize=525%2C300 1.5x, https:\/\/i0.wp.com\/www.naturellementsportif.com\/wp-content\/uploads\/2021\/09\/H-ImageProdNS2.png?fit=1200%2C877&ssl=1&resize=700%2C400 2x, https:\/\/i0.wp.com\/www.naturellementsportif.com\/wp-content\/uploads\/2021\/09\/H-ImageProdNS2.png?fit=1200%2C877&ssl=1&resize=1050%2C600 3x"},"classes":[]},{"id":1960,"url":"https:\/\/www.naturellementsportif.com\/index.php\/produit\/veste-velo-softshell-soft\/","url_meta":{"origin":901,"position":3},"title":"VESTE SOFTSHELL TANGUY SOFT","author":"admin6231","date":"17 janvier 2023","format":false,"excerpt":"PR\u00c9COMMANDE UNIQUEMENT Notre Soft Shell de v\u00e9lo soft Naturellement Sportif est fit avec des poches dans le dos. Convient pour les sorties \u00e0 v\u00e9lo au printemps et en automne. Sa mati\u00e8re est respirante et s\u00e8che rapidement. Elle est compos\u00e9e de 3 tissus diff\u00e9rents. \u00a0 \u00a0 Composition : 80% PES, 20%\u2026","rel":"","context":"Article similaire","block_context":{"text":"Article similaire","link":""},"img":{"alt_text":"","src":"https:\/\/i0.wp.com\/www.naturellementsportif.com\/wp-content\/uploads\/2023\/01\/Coupe-vent-velo.png?fit=1200%2C877&ssl=1&resize=350%2C200","width":350,"height":200,"srcset":"https:\/\/i0.wp.com\/www.naturellementsportif.com\/wp-content\/uploads\/2023\/01\/Coupe-vent-velo.png?fit=1200%2C877&ssl=1&resize=350%2C200 1x, https:\/\/i0.wp.com\/www.naturellementsportif.com\/wp-content\/uploads\/2023\/01\/Coupe-vent-velo.png?fit=1200%2C877&ssl=1&resize=525%2C300 1.5x, https:\/\/i0.wp.com\/www.naturellementsportif.com\/wp-content\/uploads\/2023\/01\/Coupe-vent-velo.png?fit=1200%2C877&ssl=1&resize=700%2C400 2x, https:\/\/i0.wp.com\/www.naturellementsportif.com\/wp-content\/uploads\/2023\/01\/Coupe-vent-velo.png?fit=1200%2C877&ssl=1&resize=1050%2C600 3x"},"classes":[]},{"id":757,"url":"https:\/\/www.naturellementsportif.com\/index.php\/produit\/t-shirt-homme-ns-claw\/","url_meta":{"origin":901,"position":4},"title":"T-SHIRT HOMME ROMAIN CLAW","author":"admin6231","date":"26 f\u00e9vrier 2021","format":false,"excerpt":"T-SHIRT en Polyester, avec une maille tr\u00e8s fine avec d'excellentes propri\u00e9t\u00e9s fonctionnelles. Dos en tricot l\u00e9ger en microfibre qui assure un drainage efficace de la transpiration dans la couche sup\u00e9rieure,\u00a0 \u00e9vaporation rapide de l'humidit\u00e9. M\u00eame avec une charge plus lourde, le drainage de la sueur est assur\u00e9. Id\u00e9al pour la\u2026","rel":"","context":"Article similaire","block_context":{"text":"Article similaire","link":""},"img":{"alt_text":"T-SHIRT HOMME ROMAIN CLAW","src":"https:\/\/i0.wp.com\/www.naturellementsportif.com\/wp-content\/uploads\/2021\/09\/H-ImageProdNS3.png?fit=1200%2C877&ssl=1&resize=350%2C200","width":350,"height":200,"srcset":"https:\/\/i0.wp.com\/www.naturellementsportif.com\/wp-content\/uploads\/2021\/09\/H-ImageProdNS3.png?fit=1200%2C877&ssl=1&resize=350%2C200 1x, https:\/\/i0.wp.com\/www.naturellementsportif.com\/wp-content\/uploads\/2021\/09\/H-ImageProdNS3.png?fit=1200%2C877&ssl=1&resize=525%2C300 1.5x, https:\/\/i0.wp.com\/www.naturellementsportif.com\/wp-content\/uploads\/2021\/09\/H-ImageProdNS3.png?fit=1200%2C877&ssl=1&resize=700%2C400 2x, https:\/\/i0.wp.com\/www.naturellementsportif.com\/wp-content\/uploads\/2021\/09\/H-ImageProdNS3.png?fit=1200%2C877&ssl=1&resize=1050%2C600 3x"},"classes":[]},{"id":1691,"url":"https:\/\/www.naturellementsportif.com\/index.php\/produit\/debardeur-homme-cedric\/","url_meta":{"origin":901,"position":5},"title":"DEBARDEUR HOMME CEDRIC","author":"admin6231","date":"13 novembre 2021","format":false,"excerpt":"D\u00e9bardeur en Polyester, avec une maille tr\u00e8s fine avec d'excellentes propri\u00e9t\u00e9s fonctionnelles. Dos en tricot l\u00e9ger en microfibre qui assure un drainage efficace de la transpiration dans la couche sup\u00e9rieure,\u00a0 \u00e9vaporation rapide de l'humidit\u00e9. M\u00eame avec une charge plus lourde, le drainage de la sueur est assur\u00e9. Id\u00e9al pour la\u2026","rel":"","context":"Article similaire","block_context":{"text":"Article similaire","link":""},"img":{"alt_text":"","src":"https:\/\/i0.wp.com\/www.naturellementsportif.com\/wp-content\/uploads\/2021\/11\/DE%CC%81BARDEUR-HOMME-MADE-IN-EUROPE.png?fit=1200%2C877&ssl=1&resize=350%2C200","width":350,"height":200,"srcset":"https:\/\/i0.wp.com\/www.naturellementsportif.com\/wp-content\/uploads\/2021\/11\/DE%CC%81BARDEUR-HOMME-MADE-IN-EUROPE.png?fit=1200%2C877&ssl=1&resize=350%2C200 1x, https:\/\/i0.wp.com\/www.naturellementsportif.com\/wp-content\/uploads\/2021\/11\/DE%CC%81BARDEUR-HOMME-MADE-IN-EUROPE.png?fit=1200%2C877&ssl=1&resize=525%2C300 1.5x, https:\/\/i0.wp.com\/www.naturellementsportif.com\/wp-content\/uploads\/2021\/11\/DE%CC%81BARDEUR-HOMME-MADE-IN-EUROPE.png?fit=1200%2C877&ssl=1&resize=700%2C400 2x, https:\/\/i0.wp.com\/www.naturellementsportif.com\/wp-content\/uploads\/2021\/11\/DE%CC%81BARDEUR-HOMME-MADE-IN-EUROPE.png?fit=1200%2C877&ssl=1&resize=1050%2C600 3x"},"classes":[]}],"jetpack_sharing_enabled":true,"_links":{"self":[{"href":"https:\/\/www.naturellementsportif.com\/index.php\/wp-json\/wp\/v2\/product\/901","targetHints":{"allow":["GET"]}}],"collection":[{"href":"https:\/\/www.naturellementsportif.com\/index.php\/wp-json\/wp\/v2\/product"}],"about":[{"href":"https:\/\/www.naturellementsportif.com\/index.php\/wp-json\/wp\/v2\/types\/product"}],"replies":[{"embeddable":true,"href":"https:\/\/www.naturellementsportif.com\/index.php\/wp-json\/wp\/v2\/comments?post=901"}],"version-history":[{"count":4,"href":"https:\/\/www.naturellementsportif.com\/index.php\/wp-json\/wp\/v2\/product\/901\/revisions"}],"predecessor-version":[{"id":918,"href":"https:\/\/www.naturellementsportif.com\/index.php\/wp-json\/wp\/v2\/product\/901\/revisions\/918"}],"wp:featuredmedia":[{"embeddable":true,"href":"https:\/\/www.naturellementsportif.com\/index.php\/wp-json\/wp\/v2\/media\/902"}],"wp:attachment":[{"href":"https:\/\/www.naturellementsportif.com\/index.php\/wp-json\/wp\/v2\/media?parent=901"}],"wp:term":[{"taxonomy":"product_brand","embeddable":true,"href":"https:\/\/www.naturellementsportif.com\/index.php\/wp-json\/wp\/v2\/product_brand?post=901"},{"taxonomy":"product_cat","embeddable":true,"href":"https:\/\/www.naturellementsportif.com\/index.php\/wp-json\/wp\/v2\/product_cat?post=901"},{"taxonomy":"product_tag","embeddable":true,"href":"https:\/\/www.naturellementsportif.com\/index.php\/wp-json\/wp\/v2\/product_tag?post=901"}],"curies":[{"name":"wp","href":"https:\/\/api.w.org\/{rel}","templated":true}]}}